{"id":168,"date":"2017-12-12T22:52:39","date_gmt":"2017-12-12T21:52:39","guid":{"rendered":"http:\/\/www.mobilekinderwerkstatt.de\/wpx\/?page_id=168"},"modified":"2022-11-16T14:54:16","modified_gmt":"2022-11-16T13:54:16","slug":"preisliste-fuer-bausaetze","status":"publish","type":"page","link":"https:\/\/www.mobilekinderwerkstatt.de\/wpx\/preisliste-fuer-bausaetze\/","title":{"rendered":"Preisliste f\u00fcr Baus\u00e4tze"},"content":{"rendered":"<h2><\/h2>\n<table class=\"ohne\" style=\"width: 152.847%; height: 4299px;\" border=\"1\" cellspacing=\"2\" cellpadding=\"0\">\n<thead>\n<tr style=\"height: 50px;\">\n<td style=\"width: 98.5075%; height: 50px;\" colspan=\"4\" align=\"center\">\n<h1><strong><span style=\"color: #000000;\">Holz- Baus\u00e4tze f\u00fcr Kinder von 5-12 Jahren<br \/>\n<\/span><\/strong><\/h1>\n<\/td>\n<\/tr>\n<tr style=\"height: 52px;\">\n<td style=\"width: 40.1926%; height: 20px;\">\n<h2><strong>Bausatz<\/strong><\/h2>\n<\/td>\n<td style=\"width: 32.3185%; height: 20px;\">\n<h2><strong>Beschreibung<\/strong><\/h2>\n<\/td>\n<td style=\"width: 14.678%; height: 20px;\">\n<h2><strong>e<\/strong><strong>mpfohlen ab<\/strong><\/h2>\n<\/td>\n<td style=\"width: 11.3184%; height: 20px;\">\n<h2><strong>Preis pro St\u00fcck<\/strong><\/h2>\n<\/td>\n<\/tr>\n<\/thead>\n<tbody>\n<tr style=\"height: 137px;\">\n<td style=\"width: 40.1926%; height: 137px;\" nowrap=\"nowrap\">\n<p><figure id=\"attachment_327\" aria-describedby=\"caption-attachment-327\" style=\"width: 118px\" class=\"wp-caption alignnone\"><a href=\"https:\/\/www.mobilekinderwerkstatt.de\/wpx\/wp-content\/uploads\/2017\/12\/Stifteigel.jpg\" target=\"_blank\" rel=\"noopener noreferrer\"><img loading=\"lazy\" decoding=\"async\" class=\"wp-image-327 \" src=\"https:\/\/www.mobilekinderwerkstatt.de\/wpx\/wp-content\/uploads\/2017\/12\/Stifteigel-300x225.jpg\" width=\"118\" height=\"89\" srcset=\"https:\/\/www.mobilekinderwerkstatt.de\/wpx\/wp-content\/uploads\/2017\/12\/Stifteigel-300x225.jpg 300w, https:\/\/www.mobilekinderwerkstatt.de\/wpx\/wp-content\/uploads\/2017\/12\/Stifteigel-768x576.jpg 768w, https:\/\/www.mobilekinderwerkstatt.de\/wpx\/wp-content\/uploads\/2017\/12\/Stifteigel.jpg 800w\" sizes=\"auto, (max-width: 118px) 100vw, 118px\" \/><\/a><figcaption id=\"caption-attachment-327\" class=\"wp-caption-text\"><strong><span style=\"text-decoration: underline;\">Stifte Igel<\/span><\/strong><\/figcaption><\/figure><\/td>\n<td style=\"width: 32.3185%; height: 137px; text-align: left;\"><strong>f\u00fcr 5 Stifte, 16x8x4cm<\/strong><\/td>\n<td style=\"width: 14.678%; height: 137px;\"><span style=\"color: #3366ff;\"><strong>5 Jahre<\/strong><\/span><\/td>\n<td style=\"width: 11.3184%; height: 137px;\"><strong>8,- \u20ac<\/strong><\/td>\n<\/tr>\n<tr style=\"height: 148px;\">\n<td style=\"width: 40.1926%; height: 148px;\" nowrap=\"nowrap\">\n<p><figure id=\"attachment_357\" aria-describedby=\"caption-attachment-357\" style=\"width: 110px\" class=\"wp-caption alignnone\"><a href=\"https:\/\/www.mobilekinderwerkstatt.de\/wpx\/wp-content\/uploads\/2017\/12\/kleines_Flugzeug-1.jpg\" target=\"_blank\" rel=\"noopener noreferrer\"><img loading=\"lazy\" decoding=\"async\" class=\"wp-image-357 \" src=\"https:\/\/www.mobilekinderwerkstatt.de\/wpx\/wp-content\/uploads\/2017\/12\/kleines_Flugzeug-1-300x225.jpg\" width=\"110\" height=\"82\" srcset=\"https:\/\/www.mobilekinderwerkstatt.de\/wpx\/wp-content\/uploads\/2017\/12\/kleines_Flugzeug-1-300x225.jpg 300w, https:\/\/www.mobilekinderwerkstatt.de\/wpx\/wp-content\/uploads\/2017\/12\/kleines_Flugzeug-1-768x576.jpg 768w, https:\/\/www.mobilekinderwerkstatt.de\/wpx\/wp-content\/uploads\/2017\/12\/kleines_Flugzeug-1.jpg 800w\" sizes=\"auto, (max-width: 110px) 100vw, 110px\" \/><\/a><figcaption id=\"caption-attachment-357\" class=\"wp-caption-text\"><strong>kleines Flugzeug<\/strong><\/figcaption><\/figure><\/td>\n<td style=\"width: 32.3185%; height: 148px; text-align: left;\"><strong>17cm lang<\/strong><\/td>\n<td style=\"width: 14.678%; height: 148px;\"><span style=\"color: #3366ff;\"><strong>5 Jahre<\/strong><\/span><\/td>\n<td style=\"width: 11.3184%; height: 148px;\"><strong>8,- \u20ac<\/strong><\/td>\n<\/tr>\n<tr style=\"height: 251px;\">\n<td style=\"width: 40.1926%; height: 251px;\" nowrap=\"nowrap\">\n<p><figure id=\"attachment_358\" aria-describedby=\"caption-attachment-358\" style=\"width: 97px\" class=\"wp-caption alignnone\"><a href=\"https:\/\/www.mobilekinderwerkstatt.de\/wpx\/wp-content\/uploads\/2017\/12\/kleines-Space-Shuttle-D\u00fcsenjet.jpg\" target=\"_blank\" rel=\"noopener noreferrer\"><img loading=\"lazy\" decoding=\"async\" class=\"wp-image-358 \" src=\"https:\/\/www.mobilekinderwerkstatt.de\/wpx\/wp-content\/uploads\/2017\/12\/kleines-Space-Shuttle-D\u00fcsenjet-225x300.jpg\" width=\"97\" height=\"130\" srcset=\"https:\/\/www.mobilekinderwerkstatt.de\/wpx\/wp-content\/uploads\/2017\/12\/kleines-Space-Shuttle-D\u00fcsenjet-225x300.jpg 225w, https:\/\/www.mobilekinderwerkstatt.de\/wpx\/wp-content\/uploads\/2017\/12\/kleines-Space-Shuttle-D\u00fcsenjet.jpg 450w\" sizes=\"auto, (max-width: 97px) 100vw, 97px\" \/><\/a><figcaption id=\"caption-attachment-358\" class=\"wp-caption-text\"><strong>kleines Space-Shuttle oder\u00a0 D\u00fcsenjet<\/strong><\/figcaption><\/figure><\/td>\n<td style=\"width: 32.3185%; height: 251px; text-align: left;\"><strong>20cm lang<\/strong><\/td>\n<td style=\"width: 14.678%; height: 251px;\"><span style=\"color: #3366ff;\"><strong>5 Jahre<\/strong><\/span><\/td>\n<td style=\"width: 11.3184%; height: 251px;\"><strong>8,- \u20ac<\/strong><\/td>\n<\/tr>\n<tr style=\"height: 25px;\">\n<td style=\"width: 40.1926%; height: 25px;\" nowrap=\"nowrap\">\n<h2><em><strong>Schiffe, 20 cm lang als:<\/strong><\/em><\/h2>\n<\/td>\n<td style=\"width: 32.3185%; text-align: center; height: 25px;\"><strong>\u00a0<\/strong><\/td>\n<td class=\"ohne\" style=\"width: 14.678%; height: 25px;\"><span style=\"color: #3366ff;\"><strong>\u00a0<\/strong><\/span><\/td>\n<td style=\"width: 11.3184%; height: 25px;\"><strong>\u00a0<\/strong><\/td>\n<\/tr>\n<tr style=\"height: 138px;\">\n<td style=\"width: 40.1926%; height: 138px;\" nowrap=\"nowrap\">\n<p><figure id=\"attachment_274\" aria-describedby=\"caption-attachment-274\" style=\"width: 108px\" class=\"wp-caption alignleft\"><a href=\"https:\/\/www.mobilekinderwerkstatt.de\/wpx\/wp-content\/uploads\/2017\/12\/kleines-Segelboot.jpg\" target=\"_blank\" rel=\"noopener noreferrer\"><img loading=\"lazy\" decoding=\"async\" class=\"wp-image-274 \" src=\"https:\/\/www.mobilekinderwerkstatt.de\/wpx\/wp-content\/uploads\/2017\/12\/kleines-Segelboot-300x225.jpg\" width=\"108\" height=\"82\" srcset=\"https:\/\/www.mobilekinderwerkstatt.de\/wpx\/wp-content\/uploads\/2017\/12\/kleines-Segelboot-300x225.jpg 300w, https:\/\/www.mobilekinderwerkstatt.de\/wpx\/wp-content\/uploads\/2017\/12\/kleines-Segelboot-768x576.jpg 768w, https:\/\/www.mobilekinderwerkstatt.de\/wpx\/wp-content\/uploads\/2017\/12\/kleines-Segelboot.jpg 800w\" sizes=\"auto, (max-width: 108px) 100vw, 108px\" \/><\/a><figcaption id=\"caption-attachment-274\" class=\"wp-caption-text\"><strong>Segelschiff<\/strong><\/figcaption><\/figure><\/td>\n<td style=\"width: 32.3185%; text-align: center; height: 138px;\"><strong>alle Modelle k\u00f6nnen bei<\/strong><\/p>\n<p><strong>einer Veranstaltung gewerkt werden\u00a0<\/strong><\/td>\n<td style=\"width: 14.678%; height: 606px;\" rowspan=\"4\"><span style=\"color: #3366ff;\"><strong>5 Jahre<\/strong><\/span><\/td>\n<td style=\"width: 11.3184%; height: 606px;\" rowspan=\"4\"><strong>8,- \u20ac<\/strong><\/td>\n<\/tr>\n<tr style=\"height: 115px;\">\n<td style=\"width: 40.1926%; height: 115px;\" nowrap=\"nowrap\">\n<p><figure id=\"attachment_271\" aria-describedby=\"caption-attachment-271\" style=\"width: 110px\" class=\"wp-caption alignleft\"><a href=\"https:\/\/www.mobilekinderwerkstatt.de\/wpx\/wp-content\/uploads\/2017\/12\/kleines-Motorboot.jpg\" target=\"_blank\" rel=\"noopener noreferrer\"><img loading=\"lazy\" decoding=\"async\" class=\"wp-image-271 \" src=\"https:\/\/www.mobilekinderwerkstatt.de\/wpx\/wp-content\/uploads\/2017\/12\/kleines-Motorboot-300x225.jpg\" width=\"110\" height=\"82\" srcset=\"https:\/\/www.mobilekinderwerkstatt.de\/wpx\/wp-content\/uploads\/2017\/12\/kleines-Motorboot-300x225.jpg 300w, https:\/\/www.mobilekinderwerkstatt.de\/wpx\/wp-content\/uploads\/2017\/12\/kleines-Motorboot-768x576.jpg 768w, https:\/\/www.mobilekinderwerkstatt.de\/wpx\/wp-content\/uploads\/2017\/12\/kleines-Motorboot.jpg 800w\" sizes=\"auto, (max-width: 110px) 100vw, 110px\" \/><\/a><figcaption id=\"caption-attachment-271\" class=\"wp-caption-text\"><strong>Motorboot<\/strong><\/figcaption><\/figure><\/td>\n<td style=\"width: 32.3185%; height: 115px;\"><strong>\u00a0<\/strong><\/td>\n<\/tr>\n<tr style=\"height: 174px;\">\n<td style=\"width: 40.1926%; height: 174px;\" nowrap=\"nowrap\"><em><strong>\u00a0<\/strong><\/em><\/p>\n<p><figure style=\"width: 108px\" class=\"wp-caption alignleft\"><a href=\"https:\/\/www.mobilekinderwerkstatt.de\/wpx\/wp-content\/uploads\/2017\/12\/kleines-Piratenschiff-e1513614257294.jpg\" target=\"_blank\" rel=\"noopener noreferrer\"><img loading=\"lazy\" decoding=\"async\" class=\"\" src=\"https:\/\/www.mobilekinderwerkstatt.de\/wpx\/wp-content\/uploads\/2017\/12\/kleines-Piratenschiff-e1513614257294.jpg\" alt=\"\" width=\"108\" height=\"81\" \/><\/a><figcaption class=\"wp-caption-text\"><em><strong>kleines Piratenschiff<\/strong><\/em><\/figcaption><\/figure><\/td>\n<td style=\"width: 32.3185%; height: 174px;\"><strong>\u00a0<\/strong><\/td>\n<\/tr>\n<tr style=\"height: 179px;\">\n<td style=\"width: 40.1926%; height: 179px;\" nowrap=\"nowrap\"><strong><strong><br \/>\n<\/strong><\/strong><\/p>\n<p><figure style=\"width: 108px\" class=\"wp-caption alignleft\"><a href=\"https:\/\/www.mobilekinderwerkstatt.de\/wpx\/wp-content\/uploads\/2017\/12\/kleine-AIDA-Speedboot.jpg\" target=\"_blank\" rel=\"noopener noreferrer\"><img loading=\"lazy\" decoding=\"async\" class=\"\" src=\"https:\/\/www.mobilekinderwerkstatt.de\/wpx\/wp-content\/uploads\/2017\/12\/kleine-AIDA-Speedboot.jpg\" alt=\"\" width=\"108\" height=\"82\" \/><\/a><figcaption class=\"wp-caption-text\"><em><strong>kleine AIDA kl. Speedboot<\/strong><\/em><\/figcaption><\/figure><\/td>\n<td style=\"width: 32.3185%; height: 179px;\"><strong>\u00a0<\/strong><\/td>\n<\/tr>\n<tr style=\"height: 25px;\">\n<td style=\"width: 40.1926%; height: 25px;\" nowrap=\"nowrap\">\n<p><figure style=\"width: 109px\" class=\"wp-caption alignleft\"><a href=\"https:\/\/www.mobilekinderwerkstatt.de\/wpx\/wp-content\/uploads\/2017\/12\/Indianermesser.jpg\" target=\"_blank\" rel=\"noopener noreferrer\"><img loading=\"lazy\" decoding=\"async\" class=\"\" src=\"https:\/\/www.mobilekinderwerkstatt.de\/wpx\/wp-content\/uploads\/2017\/12\/Indianermesser.jpg\" alt=\"\" width=\"109\" height=\"81\" \/><\/a><figcaption class=\"wp-caption-text\"><strong>Indianermesser<\/strong><\/figcaption><\/figure><\/td>\n<td style=\"width: 32.3185%; height: 25px;\"><strong>30<\/strong>cm lang<\/td>\n<td style=\"width: 14.678%; height: 25px;\"><span style=\"color: #339966;\"><strong>6 Jahre<\/strong><\/span><\/td>\n<td style=\"width: 11.3184%; height: 25px;\"><strong>9,- \u20ac<\/strong><\/td>\n<\/tr>\n<tr style=\"height: 25px;\">\n<td style=\"width: 40.1926%; height: 25px;\" nowrap=\"nowrap\">\n<p><figure style=\"width: 109px\" class=\"wp-caption alignleft\"><a href=\"https:\/\/www.mobilekinderwerkstatt.de\/wpx\/wp-content\/uploads\/2017\/12\/Tomahawk.jpg\" target=\"_blank\" rel=\"https:\/\/www.mobilekinderwerkstatt.de\/wpx\/wp-content\/uploads\/2017\/12\/tomahawk.jpg noopener noreferrer\"><img loading=\"lazy\" decoding=\"async\" src=\"https:\/\/www.mobilekinderwerkstatt.de\/wpx\/wp-content\/uploads\/2017\/12\/Tomahawk.jpg\" alt=\"\" width=\"109\" height=\"82\" \/><\/a><figcaption class=\"wp-caption-text\">Tomahawk<\/figcaption><\/figure><\/td>\n<td style=\"width: 32.3185%; height: 25px;\"><strong>35<\/strong>cm lang<\/td>\n<td style=\"width: 14.678%; height: 25px;\"><span style=\"color: #339966;\"><strong>6 Jahre<\/strong><\/span><\/td>\n<td style=\"width: 11.3184%; height: 25px;\"><strong>9,- \u20ac<\/strong><\/td>\n<\/tr>\n<tr style=\"height: 25px;\">\n<td style=\"width: 40.1926%; height: 25px;\" nowrap=\"nowrap\">\n<p><figure style=\"width: 105px\" class=\"wp-caption alignleft\"><a href=\"https:\/\/www.mobilekinderwerkstatt.de\/wpx\/wp-content\/uploads\/2017\/12\/Schwert.jpg\" target=\"_blank\" rel=\"noopener noreferrer\"><img loading=\"lazy\" decoding=\"async\" class=\"\" src=\"https:\/\/www.mobilekinderwerkstatt.de\/wpx\/wp-content\/uploads\/2017\/12\/Schwert.jpg\" alt=\"\" width=\"105\" height=\"79\" \/><\/a><figcaption class=\"wp-caption-text\"><em><strong>Ritterschwert<\/strong><\/em><\/figcaption><\/figure><\/td>\n<td style=\"width: 32.3185%; height: 25px;\"><strong>40<\/strong>cm lang<\/td>\n<td style=\"width: 14.678%; height: 25px;\"><span style=\"color: #339966;\"><strong>6 Jahre<\/strong><\/span><\/td>\n<td style=\"width: 11.3184%; height: 25px;\"><strong>9,- \u20ac<\/strong><\/td>\n<\/tr>\n<tr style=\"height: 25px;\">\n<td style=\"width: 40.1926%; height: 25px;\" nowrap=\"nowrap\">\n<p><figure style=\"width: 109px\" class=\"wp-caption alignleft\"><a href=\"https:\/\/www.mobilekinderwerkstatt.de\/wpx\/wp-content\/uploads\/2018\/05\/20180503_130407.jpg\"><img loading=\"lazy\" decoding=\"async\" src=\"https:\/\/www.mobilekinderwerkstatt.de\/wpx\/wp-content\/uploads\/2018\/05\/20180503_130407.jpg\" alt=\"\" width=\"109\" height=\"82\" \/><\/a><figcaption class=\"wp-caption-text\"><strong>Streitaxt<\/strong><\/figcaption><\/figure><\/td>\n<td style=\"width: 32.3185%; height: 25px;\"><strong>35<\/strong>cm lang<\/td>\n<td style=\"width: 14.678%; height: 25px;\"><span style=\"color: #339966;\"><strong>6 Jahre<\/strong><\/span><\/td>\n<td style=\"width: 11.3184%; height: 25px;\"><strong>9,- \u20ac<\/strong><\/td>\n<\/tr>\n<tr style=\"height: 25px;\">\n<td style=\"width: 40.1926%; height: 25px;\" nowrap=\"nowrap\">\n<p><figure style=\"width: 107px\" class=\"wp-caption alignleft\"><a href=\"https:\/\/www.mobilekinderwerkstatt.de\/wpx\/wp-content\/uploads\/2017\/12\/Gewehr.jpg\" target=\"_blank\" rel=\"noopener noreferrer\"><img loading=\"lazy\" decoding=\"async\" class=\"\" src=\"https:\/\/www.mobilekinderwerkstatt.de\/wpx\/wp-content\/uploads\/2017\/12\/Gewehr.jpg\" alt=\"\" width=\"107\" height=\"80\" \/><\/a><figcaption class=\"wp-caption-text\"><em><strong>Gewehr<\/strong><\/em><\/figcaption><\/figure><\/td>\n<td style=\"width: 32.3185%; height: 25px;\">ca. <strong>45<\/strong>cm lang<\/td>\n<td style=\"width: 14.678%; height: 25px;\"><span style=\"color: #339966;\"><strong>6 Jahre<\/strong><\/span><\/td>\n<td style=\"width: 11.3184%; height: 25px;\"><strong>9,- \u20ac<\/strong><\/td>\n<\/tr>\n<tr style=\"height: 25px;\">\n<td style=\"width: 40.1926%; height: 25px;\" nowrap=\"nowrap\">\n<p><figure style=\"width: 109px\" class=\"wp-caption alignleft\"><a href=\"https:\/\/www.mobilekinderwerkstatt.de\/wpx\/wp-content\/uploads\/2017\/12\/Pistole.jpg\" target=\"_blank\" rel=\"noopener noreferrer\"><img loading=\"lazy\" decoding=\"async\" class=\"\" src=\"https:\/\/www.mobilekinderwerkstatt.de\/wpx\/wp-content\/uploads\/2017\/12\/Pistole.jpg\" alt=\"\" width=\"109\" height=\"82\" \/><\/a><figcaption class=\"wp-caption-text\"><em><strong>Pistole<\/strong><\/em><\/figcaption><\/figure><\/td>\n<td style=\"width: 32.3185%; height: 25px;\"><strong>24<\/strong> x<strong> 14<\/strong> cm<\/td>\n<td style=\"width: 14.678%; height: 25px;\"><span style=\"color: #339966;\"><strong>6 Jahre<\/strong><\/span><\/td>\n<td style=\"width: 11.3184%; height: 25px;\"><strong>9,- \u20ac<\/strong><\/td>\n<\/tr>\n<tr style=\"height: 48px;\">\n<td style=\"width: 40.1926%; height: 48px;\" nowrap=\"nowrap\">\n<h2><em><strong>Holzpferdchen, 17x17x4 cm<\/strong><\/em><\/h2>\n<\/td>\n<td style=\"width: 32.3185%; height: 48px;\"><em>mit Ledersattel und<\/em><\/p>\n<p><strong>echten Schweifhaaren<\/strong><\/td>\n<td style=\"height: 48px; width: 14.678%;\"><\/td>\n<td style=\"height: 48px; width: 11.3184%;\"><\/td>\n<\/tr>\n<tr style=\"height: 25px;\">\n<td style=\"width: 40.1926%; height: 25px;\" nowrap=\"nowrap\">\n<p><figure style=\"width: 114px\" class=\"wp-caption alignleft\"><a href=\"https:\/\/www.mobilekinderwerkstatt.de\/wpx\/wp-content\/uploads\/2017\/12\/Pferde-1.jpg\" target=\"_blank\" rel=\"noopener noreferrer\"><img loading=\"lazy\" decoding=\"async\" class=\"\" src=\"https:\/\/www.mobilekinderwerkstatt.de\/wpx\/wp-content\/uploads\/2017\/12\/Pferde-1.jpg\" alt=\"\" width=\"114\" height=\"86\" \/><\/a><figcaption class=\"wp-caption-text\"><em><strong>Reit-und Tunierpferd<\/strong><\/em><\/figcaption><\/figure><\/td>\n<td style=\"width: 32.3185%; height: 25px;\"><\/td>\n<td style=\"width: 14.678%; height: 25px;\"><span style=\"color: #339966;\"><strong>6 Jahre<\/strong><\/span><\/td>\n<td style=\"width: 11.3184%; height: 25px;\"><strong>10,- \u20ac<\/strong><\/td>\n<\/tr>\n<tr style=\"height: 174px;\">\n<td style=\"width: 40.1926%; height: 174px;\" nowrap=\"nowrap\">\n<p><figure style=\"width: 103px\" class=\"wp-caption alignleft\"><a href=\"https:\/\/www.mobilekinderwerkstatt.de\/wpx\/wp-content\/uploads\/2018\/02\/20180213_113250-e1518890085278.jpg\"><img loading=\"lazy\" decoding=\"async\" class=\"\" src=\"https:\/\/www.mobilekinderwerkstatt.de\/wpx\/wp-content\/uploads\/2018\/02\/20180213_113250-e1518890085278.jpg\" alt=\"\" width=\"103\" height=\"137\" \/><\/a><figcaption class=\"wp-caption-text\"><strong>Einhorn<\/strong><\/figcaption><\/figure><\/td>\n<td style=\"width: 32.3185%; height: 174px;\"><\/td>\n<td style=\"width: 14.678%; height: 174px;\"><span style=\"color: #339966;\">\u00a0<strong>6 Jahre<\/strong><\/span><\/td>\n<td style=\"width: 11.3184%; height: 174px;\"><strong>\u00a010,-<\/strong><\/td>\n<\/tr>\n<tr style=\"height: 25px;\">\n<td style=\"width: 40.1926%; height: 25px;\" nowrap=\"nowrap\">\n<p><figure style=\"width: 113px\" class=\"wp-caption alignleft\"><a href=\"https:\/\/www.mobilekinderwerkstatt.de\/wpx\/wp-content\/uploads\/2017\/12\/Indianerpferd.jpg\" target=\"_blank\" rel=\"noopener noreferrer\"><img loading=\"lazy\" decoding=\"async\" class=\"\" src=\"https:\/\/www.mobilekinderwerkstatt.de\/wpx\/wp-content\/uploads\/2017\/12\/Indianerpferd.jpg\" alt=\"\" width=\"113\" height=\"85\" \/><\/a><figcaption class=\"wp-caption-text\"><em><strong>Indianerpferd<\/strong><\/em><\/figcaption><\/figure><\/td>\n<td style=\"width: 32.3185%; height: 25px;\"><\/td>\n<td style=\"width: 14.678%; height: 25px;\"><span style=\"color: #339966;\"><strong>6 Jahre<\/strong><\/span><\/td>\n<td style=\"width: 11.3184%; height: 25px;\"><strong>10,- \u20ac<\/strong><\/td>\n<\/tr>\n<tr style=\"height: 25px;\">\n<td style=\"width: 40.1926%; height: 25px;\" nowrap=\"nowrap\">\n<p><figure style=\"width: 116px\" class=\"wp-caption alignleft\"><a href=\"https:\/\/www.mobilekinderwerkstatt.de\/wpx\/wp-content\/uploads\/2017\/12\/Ritterpferd.jpg\" target=\"_blank\" rel=\"noopener noreferrer\"><img loading=\"lazy\" decoding=\"async\" class=\"\" src=\"https:\/\/www.mobilekinderwerkstatt.de\/wpx\/wp-content\/uploads\/2017\/12\/Ritterpferd.jpg\" alt=\"\" width=\"116\" height=\"87\" \/><\/a><figcaption class=\"wp-caption-text\"><em><strong>Ritterpferd<\/strong><\/em><\/figcaption><\/figure><\/td>\n<td style=\"width: 32.3185%; height: 25px;\"><\/td>\n<td style=\"width: 14.678%; height: 25px;\"><span style=\"color: #339966;\"><strong>6 Jahre<\/strong><\/span><\/td>\n<td style=\"width: 11.3184%; height: 25px;\"><strong>10,- \u20ac<\/strong><\/td>\n<\/tr>\n<tr style=\"height: 134px;\">\n<td style=\"width: 40.1926%; height: 134px;\" nowrap=\"nowrap\">\n<p><figure style=\"width: 108px\" class=\"wp-caption alignleft\"><a href=\"https:\/\/www.mobilekinderwerkstatt.de\/wpx\/wp-content\/uploads\/2017\/12\/Concord.jpg\" target=\"_blank\" rel=\"noopener noreferrer\"><img loading=\"lazy\" decoding=\"async\" src=\"https:\/\/www.mobilekinderwerkstatt.de\/wpx\/wp-content\/uploads\/2017\/12\/msoBBA29.jpg\" alt=\"\" width=\"108\" height=\"81\" \/><\/a><figcaption class=\"wp-caption-text\"><em><strong>\u00dcberschall Flugzeug Concorde<\/strong><\/em><\/figcaption><\/figure><\/td>\n<td style=\"width: 32.3185%; height: 134px;\"><strong>29<\/strong>cm lang, mit Sperrholzfl\u00fcgel<\/td>\n<td style=\"width: 14.678%; height: 134px;\"><span style=\"color: #339966;\"><strong>6 Jahre<\/strong><\/span><\/td>\n<td style=\"width: 11.3184%; height: 134px;\"><strong>10,- \u20ac<\/strong><\/td>\n<\/tr>\n<tr style=\"height: 78px;\">\n<td style=\"width: 40.1926%; height: 78px;\" nowrap=\"nowrap\">\n<p><figure style=\"width: 107px\" class=\"wp-caption alignleft\"><a href=\"https:\/\/www.mobilekinderwerkstatt.de\/wpx\/wp-content\/uploads\/2017\/12\/Hubschrauber.jpg\" target=\"_blank\" rel=\"noopener noreferrer\"><img loading=\"lazy\" decoding=\"async\" class=\"\" src=\"https:\/\/www.mobilekinderwerkstatt.de\/wpx\/wp-content\/uploads\/2017\/12\/Hubschrauber.jpg\" alt=\"\" width=\"107\" height=\"80\" \/><\/a><figcaption class=\"wp-caption-text\"><em><strong>Hubschrauber<\/strong><\/em><\/figcaption><\/figure><\/td>\n<td style=\"width: 32.3185%; height: 78px;\">mit drehbaren Rotorbl\u00e4ttern <strong>32<\/strong> cm lang<\/td>\n<td style=\"width: 14.678%; height: 78px;\"><span style=\"color: #ff6600;\"><strong>7 Jahre<\/strong><\/span><\/td>\n<td style=\"width: 11.3184%; height: 78px;\"><strong>11,- \u20ac<\/strong><\/td>\n<\/tr>\n<tr style=\"height: 25px;\">\n<td style=\"width: 40.1926%; height: 25px;\" nowrap=\"nowrap\">\n<p><figure style=\"width: 108px\" class=\"wp-caption alignleft\"><a href=\"https:\/\/www.mobilekinderwerkstatt.de\/wpx\/wp-content\/uploads\/2017\/12\/Papagei_Wellensittich.jpg\" target=\"_blank\" rel=\"noopener noreferrer\"><img loading=\"lazy\" decoding=\"async\" class=\"\" src=\"https:\/\/www.mobilekinderwerkstatt.de\/wpx\/wp-content\/uploads\/2017\/12\/Papagei_Wellensittich.jpg\" alt=\"\" width=\"108\" height=\"82\" \/><\/a><figcaption class=\"wp-caption-text\"><em><strong>Wellensittich\/ Papagei<\/strong><\/em><\/figcaption><\/figure><\/td>\n<td style=\"width: 32.3185%; height: 25px;\"><strong>30<\/strong> cm L\u00e4nge<\/td>\n<td style=\"width: 14.678%; height: 25px;\"><span style=\"color: #ff6600;\"><strong>7 Jahre<\/strong><\/span><\/td>\n<td style=\"width: 11.3184%; height: 25px;\"><strong>10,- \u20ac<\/strong><\/td>\n<\/tr>\n<tr style=\"height: 103px;\">\n<td style=\"width: 40.1926%; height: 103px;\" nowrap=\"nowrap\">\n<p><figure style=\"width: 109px\" class=\"wp-caption alignleft\"><a href=\"https:\/\/www.mobilekinderwerkstatt.de\/wpx\/wp-content\/uploads\/2017\/12\/mso9A183-Kopie.jpg\" target=\"_blank\" rel=\"noopener noreferrer\"><img loading=\"lazy\" decoding=\"async\" class=\"\" src=\"https:\/\/www.mobilekinderwerkstatt.de\/wpx\/wp-content\/uploads\/2017\/12\/mso9A183-Kopie.jpg\" alt=\"\" width=\"109\" height=\"81\" \/><\/a><figcaption class=\"wp-caption-text\"><strong>Safarispiegel<\/strong><\/figcaption><\/figure><\/td>\n<td style=\"width: 32.3185%; height: 103px;\">Grundplatte x<strong>25<\/strong>x<strong>25<\/strong>cm, mit Holzperlen, Muscheln, Felle und Federn<\/td>\n<td style=\"width: 14.678%; height: 103px;\"><span style=\"color: #ff6600;\"><strong>7 Jahre<\/strong><\/span><\/td>\n<td style=\"width: 11.3184%; height: 103px;\"><strong>10,- \u20ac<\/strong><\/td>\n<\/tr>\n<tr style=\"height: 51px;\">\n<td style=\"width: 40.1926%; height: 51px;\" nowrap=\"nowrap\">\n<p><figure style=\"width: 116px\" class=\"wp-caption alignnone\"><a href=\"https:\/\/www.mobilekinderwerkstatt.de\/wpx\/wp-content\/uploads\/2017\/12\/grosser-Spaceshuttle-2.jpg\" target=\"_blank\" rel=\"noopener noreferrer\"><img loading=\"lazy\" decoding=\"async\" class=\"\" src=\"https:\/\/www.mobilekinderwerkstatt.de\/wpx\/wp-content\/uploads\/2017\/12\/grosser-Spaceshuttle-2.jpg\" alt=\"\" width=\"116\" height=\"87\" \/><\/a><figcaption class=\"wp-caption-text\"><em><strong>gro\u00dfes Space Shuttle<\/strong><\/em><\/figcaption><\/figure><\/td>\n<td style=\"width: 32.3185%; height: 51px;\"><strong>25<\/strong> cm lang, mit Sperrholzfl\u00fcgel<\/td>\n<td style=\"width: 14.678%; height: 51px;\"><span style=\"color: #ff6600;\"><strong>7 Jahre<\/strong><\/span><\/td>\n<td style=\"width: 11.3184%; height: 51px;\"><strong>10,- \u20ac<\/strong><\/td>\n<\/tr>\n<tr style=\"height: 103px;\">\n<td style=\"width: 40.1926%; height: 103px;\" nowrap=\"nowrap\">\n<p><figure style=\"width: 116px\" class=\"wp-caption alignleft\"><a href=\"https:\/\/www.mobilekinderwerkstatt.de\/wpx\/wp-content\/uploads\/2017\/12\/Schmuckstaender_1.jpg\" target=\"_blank\" rel=\"noopener noreferrer\"><img loading=\"lazy\" decoding=\"async\" class=\"\" src=\"https:\/\/www.mobilekinderwerkstatt.de\/wpx\/wp-content\/uploads\/2017\/12\/Schmuckstaender_1.jpg\" alt=\"\" width=\"116\" height=\"87\" \/><\/a><figcaption class=\"wp-caption-text\">Schmuckhalter<\/figcaption><\/figure><\/td>\n<td style=\"width: 32.3185%; height: 103px;\"><strong>17<\/strong> x <strong>24<\/strong> cm, mit 9 Halterungen f\u00fcr Ohrringe, Ketten, Armreifen<\/td>\n<td style=\"width: 14.678%; height: 103px;\"><span style=\"color: #ff6600;\"><strong>7 Jahre<\/strong><\/span><\/td>\n<td style=\"width: 11.3184%; height: 103px;\"><strong>10,- \u20ac<\/strong><\/td>\n<\/tr>\n<tr style=\"height: 77px;\">\n<td style=\"width: 40.1926%; height: 77px;\" nowrap=\"nowrap\">\n<p><figure style=\"width: 114px\" class=\"wp-caption alignleft\"><a href=\"https:\/\/www.mobilekinderwerkstatt.de\/wpx\/wp-content\/uploads\/2017\/12\/Propellerflugzeug.jpg\" target=\"_blank\" rel=\"noopener noreferrer\"><img loading=\"lazy\" decoding=\"async\" src=\"https:\/\/www.mobilekinderwerkstatt.de\/wpx\/wp-content\/uploads\/2017\/12\/Propellerflugzeug.jpg\" alt=\"\" width=\"114\" height=\"86\" \/><\/a><figcaption class=\"wp-caption-text\"><em><strong>Propellerflugzeug<\/strong><\/em><\/figcaption><\/figure><\/td>\n<td style=\"width: 32.3185%; height: 77px;\"><strong>25<\/strong>cm lang, mit Sperrholzfl\u00fcgel und Propeller<\/td>\n<td style=\"width: 14.678%; height: 77px;\"><span style=\"color: #ff6600;\"><strong>7 Jahre<\/strong><\/span><\/td>\n<td style=\"width: 11.3184%; height: 77px;\"><strong>10,- \u20ac<\/strong><\/td>\n<\/tr>\n<tr style=\"height: 25px;\">\n<td style=\"width: 40.1926%; height: 25px;\" nowrap=\"nowrap\">\n<p><figure style=\"width: 101px\" class=\"wp-caption alignleft\"><a href=\"https:\/\/www.mobilekinderwerkstatt.de\/wpx\/wp-content\/uploads\/2019\/09\/20190918_144958-e1569268375988.jpg\" target=\"_blank\" rel=\"https:\/\/www.mobilekinderwerkstatt.de\/wpx\/wp-content\/uploads\/2019\/09\/20190918_144958-e1569268375988.jpg noopener noreferrer\"><img loading=\"lazy\" decoding=\"async\" src=\"https:\/\/www.mobilekinderwerkstatt.de\/wpx\/wp-content\/uploads\/2019\/09\/20190918_144958-e1569268375988.jpg\" alt=\"Wasserflugzeug\" width=\"101\" height=\"135\" \/><\/a><figcaption class=\"wp-caption-text\">Wasserflugzeug<\/figcaption><\/figure><\/td>\n<td style=\"width: 32.3185%; height: 25px;\">w.o., aber mit Kufen<\/td>\n<td style=\"width: 14.678%; height: 25px;\"><span style=\"color: #ff6600;\"><strong>7 Jahre<\/strong><\/span><\/td>\n<td style=\"width: 11.3184%; height: 25px;\"><strong>10,- \u20ac<\/strong><\/td>\n<\/tr>\n<tr style=\"height: 104px;\">\n<td style=\"width: 40.1926%; height: 104px;\">\n<p><figure style=\"width: 133px\" class=\"wp-caption alignleft\"><a href=\"https:\/\/www.mobilekinderwerkstatt.de\/wpx\/wp-content\/uploads\/2019\/09\/20190918_144939-e1569268824258.jpg\" target=\"_blank\" rel=\"https:\/\/www.mobilekinderwerkstatt.de\/wpx\/wp-content\/uploads\/2019\/09\/20190918_144944-e1569268422618.jpg noopener noreferrer\"><img loading=\"lazy\" decoding=\"async\" src=\"https:\/\/www.mobilekinderwerkstatt.de\/wpx\/wp-content\/uploads\/2019\/09\/20190918_144939-e1569268824258.jpg\" alt=\"\" width=\"133\" height=\"74\" \/><\/a><figcaption class=\"wp-caption-text\">Flugzeug<\/figcaption><\/figure><\/td>\n<td style=\"width: 32.3185%; height: 104px;\">w.o. aber ,mit R\u00e4der<\/td>\n<td style=\"width: 14.678%; height: 104px;\"><span style=\"color: #ff6600;\"><strong>\u00a07 Jahre<\/strong><\/span><\/td>\n<td style=\"width: 11.3184%; height: 104px;\"><strong>\u00a010,-\u20ac<\/strong><\/td>\n<\/tr>\n<tr style=\"height: 77px;\">\n<td style=\"width: 40.1926%; height: 77px;\" nowrap=\"nowrap\">\n<p><figure style=\"width: 103px\" class=\"wp-caption alignleft\"><a href=\"https:\/\/www.mobilekinderwerkstatt.de\/wpx\/wp-content\/uploads\/2017\/12\/Duesenflugzeug.jpg\" target=\"_blank\" rel=\"noopener noreferrer\"><img loading=\"lazy\" decoding=\"async\" class=\"\" src=\"https:\/\/www.mobilekinderwerkstatt.de\/wpx\/wp-content\/uploads\/2017\/12\/Duesenflugzeug.jpg\" alt=\"\" width=\"103\" height=\"78\" \/><\/a><figcaption class=\"wp-caption-text\"><em><strong>D\u00fcsenflugzeug<\/strong><\/em><\/figcaption><\/figure><\/td>\n<td style=\"width: 32.3185%; height: 77px;\"><strong>25<\/strong>cm lang, mit Sperrholzfl\u00fcgel und D\u00fcsen<\/td>\n<td style=\"width: 14.678%; height: 77px;\"><span style=\"color: #ff6600;\"><strong>7 Jahre<\/strong><\/span><\/td>\n<td style=\"width: 11.3184%; height: 77px;\"><strong>10,- \u20ac<\/strong><\/td>\n<\/tr>\n<tr style=\"height: 25px;\">\n<td style=\"width: 40.1926%; height: 11px;\" nowrap=\"nowrap\">\n<h2><em><strong>Schiffe, 25 cm lang als:<\/strong><\/em><\/h2>\n<\/td>\n<td style=\"width: 32.3185%; height: 11px;\"><\/td>\n<td style=\"width: 14.678%; height: 11px;\"><span style=\"color: #ff6600;\"><strong>\u00a0<\/strong><\/span><\/td>\n<td style=\"width: 11.3184%; height: 11px;\"><strong>\u00a0<\/strong><\/td>\n<\/tr>\n<tr style=\"height: 256px;\">\n<td style=\"width: 40.1926%; height: 256px;\" nowrap=\"nowrap\">\n<figure style=\"width: 105px\" class=\"wp-caption alignleft\"><a href=\"https:\/\/www.mobilekinderwerkstatt.de\/wpx\/wp-content\/uploads\/2017\/12\/Motoryacht.jpg\" target=\"_blank\" rel=\"noopener noreferrer\"><img loading=\"lazy\" decoding=\"async\" class=\"\" src=\"https:\/\/www.mobilekinderwerkstatt.de\/wpx\/wp-content\/uploads\/2017\/12\/Motoryacht.jpg\" alt=\"\" width=\"105\" height=\"79\" \/><\/a><figcaption class=\"wp-caption-text\"><em><strong>Motoryacht<\/strong><\/em><\/figcaption><\/figure>\n<figure style=\"width: 105px\" class=\"wp-caption alignnone\"><a href=\"https:\/\/www.mobilekinderwerkstatt.de\/wpx\/wp-content\/uploads\/2017\/12\/Piratenschiff.jpg\" target=\"_blank\" rel=\"noopener noreferrer\"><img loading=\"lazy\" decoding=\"async\" class=\"\" src=\"https:\/\/www.mobilekinderwerkstatt.de\/wpx\/wp-content\/uploads\/2017\/12\/Piratenschiff.jpg\" alt=\"\" width=\"105\" height=\"79\" \/><\/a><figcaption class=\"wp-caption-text\"><em><strong>Piratenschiff<\/strong><\/em><\/figcaption><\/figure>\n<figure style=\"width: 105px\" class=\"wp-caption alignnone\"><a href=\"https:\/\/www.mobilekinderwerkstatt.de\/wpx\/wp-content\/uploads\/2017\/12\/AIDA.jpg\" target=\"_blank\" rel=\"noopener noreferrer\"><img loading=\"lazy\" decoding=\"async\" class=\"\" src=\"https:\/\/www.mobilekinderwerkstatt.de\/wpx\/wp-content\/uploads\/2017\/12\/AIDA.jpg\" alt=\"\" width=\"105\" height=\"79\" \/><\/a><figcaption class=\"wp-caption-text\"><em><strong>AIDA<\/strong><\/em><\/figcaption><\/figure>\n<p><figure style=\"width: 104px\" class=\"wp-caption alignnone\"><a href=\"https:\/\/www.mobilekinderwerkstatt.de\/wpx\/wp-content\/uploads\/2017\/12\/msoF1A77.jpg\" target=\"_blank\" rel=\"noopener noreferrer\"><img loading=\"lazy\" decoding=\"async\" class=\"\" src=\"https:\/\/www.mobilekinderwerkstatt.de\/wpx\/wp-content\/uploads\/2017\/12\/msoF1A77.jpg\" alt=\"\" width=\"104\" height=\"78\" \/><\/a><figcaption class=\"wp-caption-text\"><em><strong>Speedboot<\/strong><\/em><\/figcaption><\/figure><\/td>\n<td style=\"width: 32.3185%; height: 256px;\">alle Modelle der Schiffe<\/p>\n<p>k\u00f6nnen gewerkt werden<\/td>\n<td style=\"width: 14.678%; height: 256px;\"><span style=\"color: #ff6600;\"><strong>7 Jahre<\/strong><\/span><\/td>\n<td style=\"width: 11.3184%; height: 256px;\"><strong>10,- \u20ac<\/strong><\/td>\n<\/tr>\n<tr style=\"height: 118px;\">\n<td style=\"width: 40.1926%; height: 118px;\" nowrap=\"nowrap\">\n<p><figure style=\"width: 105px\" class=\"wp-caption alignleft\"><a href=\"https:\/\/www.mobilekinderwerkstatt.de\/wpx\/wp-content\/uploads\/2017\/12\/Kanonenboot-1.jpg\"><img loading=\"lazy\" decoding=\"async\" class=\"\" src=\"https:\/\/www.mobilekinderwerkstatt.de\/wpx\/wp-content\/uploads\/2017\/12\/Kanonenboot-1.jpg\" alt=\"\" width=\"105\" height=\"79\" \/><\/a><figcaption class=\"wp-caption-text\"><em><strong>Kanonenboot\u00a0<\/strong><\/em><\/figcaption><\/figure><\/td>\n<td style=\"width: 32.3185%; height: 118px;\"><\/td>\n<td style=\"width: 14.678%; height: 118px;\"><\/td>\n<td style=\"width: 11.3184%; height: 118px;\"><\/td>\n<\/tr>\n<tr style=\"height: 118px;\">\n<td style=\"width: 40.1926%; height: 118px;\" nowrap=\"nowrap\">\n<p><figure style=\"width: 108px\" class=\"wp-caption alignleft\"><a href=\"https:\/\/www.mobilekinderwerkstatt.de\/wpx\/wp-content\/uploads\/2017\/12\/Containerschiff.jpg\"><img loading=\"lazy\" decoding=\"async\" class=\"\" src=\"https:\/\/www.mobilekinderwerkstatt.de\/wpx\/wp-content\/uploads\/2017\/12\/Containerschiff.jpg\" alt=\"\" width=\"108\" height=\"81\" \/><\/a><figcaption class=\"wp-caption-text\"><em><strong>Containerschiff<\/strong><\/em><\/figcaption><\/figure><\/td>\n<td style=\"width: 32.3185%; height: 118px;\"><\/td>\n<td style=\"width: 14.678%; height: 118px;\"><\/td>\n<td style=\"width: 11.3184%; height: 118px;\"><\/td>\n<\/tr>\n<tr style=\"height: 51px;\">\n<td style=\"width: 40.1926%; height: 51px;\" nowrap=\"nowrap\">\n<p><figure id=\"attachment_347\" aria-describedby=\"caption-attachment-347\" style=\"width: 109px\" class=\"wp-caption alignleft\"><a href=\"https:\/\/www.mobilekinderwerkstatt.de\/wpx\/wp-content\/uploads\/2017\/12\/Zirkuselefant.jpg\" target=\"_blank\" rel=\"noopener noreferrer\"><img loading=\"lazy\" decoding=\"async\" class=\"wp-image-347 \" src=\"https:\/\/www.mobilekinderwerkstatt.de\/wpx\/wp-content\/uploads\/2017\/12\/Zirkuselefant-150x150.jpg\" alt=\"\" width=\"109\" height=\"109\" srcset=\"https:\/\/www.mobilekinderwerkstatt.de\/wpx\/wp-content\/uploads\/2017\/12\/Zirkuselefant-150x150.jpg 150w, https:\/\/www.mobilekinderwerkstatt.de\/wpx\/wp-content\/uploads\/2017\/12\/Zirkuselefant-100x100.jpg 100w\" sizes=\"auto, (max-width: 109px) 100vw, 109px\" \/><\/a><figcaption id=\"caption-attachment-347\" class=\"wp-caption-text\"><em><strong>Zirkus Elefant<\/strong><\/em><\/figcaption><\/figure><\/td>\n<td style=\"width: 32.3185%; height: 51px;\">mit Mangest\u00e4nder<strong> 15x15x4<\/strong>cm<\/td>\n<td style=\"width: 14.678%; height: 51px;\"><span style=\"color: #ff6600;\"><strong>7 Jahre<\/strong><\/span><\/td>\n<td style=\"width: 11.3184%; height: 51px;\"><strong>10,- \u20ac<\/strong><\/td>\n<\/tr>\n<tr style=\"height: 77px;\">\n<td style=\"width: 40.1926%; height: 77px;\" nowrap=\"nowrap\">\n<h2><em><strong>Schiffe, 30 cm<\/strong><\/em><\/h2>\n<\/td>\n<td style=\"width: 32.3185%; height: 77px;\"><strong>30<\/strong>cm lang, alle Modelle wie unter <strong>25<\/strong>cm m\u00f6glich<\/td>\n<td style=\"width: 14.678%; height: 77px;\"><span style=\"color: #339966;\"><strong>8 Jahre<\/strong><\/span><\/td>\n<td style=\"width: 11.3184%; height: 77px;\"><strong>11,&#8211;\u20ac<\/strong><\/td>\n<\/tr>\n<tr style=\"height: 51px;\">\n<td style=\"width: 40.1926%; height: 51px;\" nowrap=\"nowrap\"><em><em><strong><span style=\"color: #808080;\"><br \/>\n<\/span><\/strong><\/em><\/em><\/p>\n<p><figure style=\"width: 115px\" class=\"wp-caption alignleft\"><a href=\"https:\/\/www.mobilekinderwerkstatt.de\/wpx\/wp-content\/uploads\/2017\/12\/Kriegsschiff.jpg\"><img loading=\"lazy\" decoding=\"async\" class=\"\" src=\"https:\/\/www.mobilekinderwerkstatt.de\/wpx\/wp-content\/uploads\/2017\/12\/Kriegsschiff.jpg\" alt=\"\" width=\"115\" height=\"85\" \/><\/a><figcaption class=\"wp-caption-text\"><em><strong>Kriegsschiffe<\/strong><\/em><\/figcaption><\/figure><\/td>\n<td style=\"width: 32.3185%; height: 51px;\"><strong>30<\/strong>cm lang, mit drehbaren Gesch\u00fctzen<\/td>\n<td style=\"width: 14.678%; height: 51px;\"><span style=\"color: #339966;\"><strong>8 Jahre<\/strong><\/span><\/td>\n<td style=\"width: 11.3184%; height: 51px;\"><strong>11,- \u20ac<\/strong><\/td>\n<\/tr>\n<tr style=\"height: 77px;\">\n<td style=\"width: 40.1926%; height: 77px;\" nowrap=\"nowrap\">\n<p><figure id=\"attachment_311\" aria-describedby=\"caption-attachment-311\" style=\"width: 118px\" class=\"wp-caption alignleft\"><a href=\"https:\/\/www.mobilekinderwerkstatt.de\/wpx\/wp-content\/uploads\/2017\/12\/Schafe260.jpg\" target=\"_blank\" rel=\"noopener noreferrer\"><img loading=\"lazy\" decoding=\"async\" class=\"wp-image-311\" src=\"https:\/\/www.mobilekinderwerkstatt.de\/wpx\/wp-content\/uploads\/2017\/12\/Schafe260-150x150.jpg\" alt=\"\" width=\"118\" height=\"118\" srcset=\"https:\/\/www.mobilekinderwerkstatt.de\/wpx\/wp-content\/uploads\/2017\/12\/Schafe260-150x150.jpg 150w, https:\/\/www.mobilekinderwerkstatt.de\/wpx\/wp-content\/uploads\/2017\/12\/Schafe260-100x100.jpg 100w\" sizes=\"auto, (max-width: 118px) 100vw, 118px\" \/><\/a><figcaption id=\"caption-attachment-311\" class=\"wp-caption-text\"><em><strong>Schafe mit Futternapf<\/strong><\/em><\/figcaption><\/figure><\/td>\n<td style=\"width: 32.3185%; height: 77px;\"><strong>15x11x4<\/strong> cm, in wei\u00df oder braun mit Ohren aus echtem Leder<\/td>\n<td style=\"width: 14.678%; height: 77px;\"><span style=\"color: #339966;\"><strong>8 Jahre<\/strong><\/span><\/td>\n<td style=\"width: 11.3184%; height: 77px;\"><strong>10,- \u20ac<\/strong><\/td>\n<\/tr>\n<tr style=\"height: 51px;\">\n<td style=\"width: 40.1926%; height: 51px;\" nowrap=\"nowrap\"><span style=\"color: #808080;\"><span style=\"color: #808080;\"><em><strong><br \/>\n<\/strong><\/em><\/span><\/span><\/p>\n<p><figure style=\"width: 120px\" class=\"wp-caption alignleft\"><a href=\"https:\/\/www.mobilekinderwerkstatt.de\/wpx\/wp-content\/uploads\/2017\/12\/Lkw.jpg\"><img loading=\"lazy\" decoding=\"async\" src=\"https:\/\/www.mobilekinderwerkstatt.de\/wpx\/wp-content\/uploads\/2017\/12\/Lkw.jpg\" alt=\"\" width=\"120\" height=\"90\" \/><\/a><figcaption class=\"wp-caption-text\"><em><strong>Lastwagen<\/strong><\/em><\/figcaption><\/figure><\/td>\n<td style=\"width: 32.3185%; height: 51px;\"><strong>25<\/strong>cm lang, mit und ohne Ladung<\/td>\n<td style=\"width: 14.678%; height: 76px;\" rowspan=\"2\"><span style=\"color: #339966;\"><strong>8 Jahre<\/strong><\/span><\/td>\n<td style=\"width: 11.3184%; height: 76px;\" rowspan=\"2\"><strong>10,- \u20ac<\/strong><\/td>\n<\/tr>\n<tr style=\"height: 25px;\">\n<td style=\"width: 40.1926%; height: 25px;\" nowrap=\"nowrap\"><span style=\"font-size: 14px;\"><span style=\"font-size: 14px;\"><em><strong><span style=\"color: #808080;\"><br \/>\n<\/span><\/strong><\/em><\/span><\/span><\/p>\n<p><figure style=\"width: 120px\" class=\"wp-caption alignleft\"><a href=\"https:\/\/www.mobilekinderwerkstatt.de\/wpx\/wp-content\/uploads\/2017\/12\/Lastwagen.jpg\"><img loading=\"lazy\" decoding=\"async\" class=\"\" src=\"https:\/\/www.mobilekinderwerkstatt.de\/wpx\/wp-content\/uploads\/2017\/12\/Lastwagen.jpg\" alt=\"\" width=\"120\" height=\"90\" \/><\/a><figcaption class=\"wp-caption-text\"><em><strong>LKW mit Drehkran<\/strong><\/em><\/figcaption><\/figure><\/td>\n<td style=\"width: 32.3185%; height: 25px;\"><\/td>\n<\/tr>\n<tr style=\"height: 103px;\">\n<td style=\"width: 40.1926%; height: 103px;\" nowrap=\"nowrap\">\n<h2><em><strong><span style=\"color: #808080;\">Sternenkrieger- Raumschiffe:<\/span><\/strong><\/em><\/h2>\n<\/td>\n<td style=\"width: 32.3185%; height: 103px;\">verschiedene Modelle sind m\u00f6glich,<strong> 20-25<\/strong> cm lang, mit drehbaren Gesch\u00fctzen<\/td>\n<td style=\"width: 14.678%; height: 103px;\"><span style=\"color: #339966;\"><strong>\u00a0<\/strong><\/span><\/td>\n<td style=\"width: 11.3184%; height: 103px;\"><strong>\u00a0<\/strong><\/td>\n<\/tr>\n<tr style=\"height: 81px;\">\n<td style=\"width: 40.1926%; height: 81px;\" nowrap=\"nowrap\"><span style=\"font-size: 14px;\"><em><strong><span style=\"color: #808080;\">\u00a0\u00a0<a href=\"https:\/\/www.mobilekinderwerkstatt.de\/wpx\/wp-content\/uploads\/2017\/12\/STAR-WARS-1.jpg\" target=\"_blank\" rel=\"noopener noreferrer\"><img loading=\"lazy\" decoding=\"async\" class=\"alignnone wp-image-319\" src=\"https:\/\/www.mobilekinderwerkstatt.de\/wpx\/wp-content\/uploads\/2017\/12\/STAR-WARS-1-150x150.jpg\" alt=\"\" width=\"120\" height=\"120\" srcset=\"https:\/\/www.mobilekinderwerkstatt.de\/wpx\/wp-content\/uploads\/2017\/12\/STAR-WARS-1-150x150.jpg 150w, https:\/\/www.mobilekinderwerkstatt.de\/wpx\/wp-content\/uploads\/2017\/12\/STAR-WARS-1-100x100.jpg 100w\" sizes=\"auto, (max-width: 120px) 100vw, 120px\" \/><\/a><br \/>\nSternenkrieger &#8211; Modell 1<br \/>\n<a href=\"https:\/\/www.mobilekinderwerkstatt.de\/wpx\/wp-content\/uploads\/2017\/12\/mso6A629-Kopie.jpg\" target=\"_blank\" rel=\"noopener noreferrer\"><img loading=\"lazy\" decoding=\"async\" class=\"alignnone wp-image-34\" src=\"https:\/\/www.mobilekinderwerkstatt.de\/wpx\/wp-content\/uploads\/2017\/12\/mso6A629-Kopie-150x150.jpg\" alt=\"\" width=\"123\" height=\"123\" srcset=\"https:\/\/www.mobilekinderwerkstatt.de\/wpx\/wp-content\/uploads\/2017\/12\/mso6A629-Kopie-150x150.jpg 150w, https:\/\/www.mobilekinderwerkstatt.de\/wpx\/wp-content\/uploads\/2017\/12\/mso6A629-Kopie-100x100.jpg 100w\" sizes=\"auto, (max-width: 123px) 100vw, 123px\" \/><\/a><\/span><\/strong><\/em><\/span><br \/>\n<span style=\"font-size: 14px;\"><em><strong><span style=\"color: #808080;\"><a class=\"preise\" style=\"color: #808080;\" href=\"http:\/\/www.mobilekinderwerkstatt.de\/mobilekinderwerkstatt.de\/bausaetze.html#\">\u00a0<\/a><a class=\"preise\" style=\"color: #808080;\" href=\"http:\/\/www.mobilekinderwerkstatt.de\/mobilekinderwerkstatt.de\/bausaetze.html#\">Sternenkrieger<\/a>\u00a0&#8211; Modell 2<br \/>\n<a href=\"https:\/\/www.mobilekinderwerkstatt.de\/wpx\/wp-content\/uploads\/2017\/12\/mso44310.jpg\" target=\"_blank\" rel=\"noopener noreferrer\"><img loading=\"lazy\" decoding=\"async\" class=\"alignnone wp-image-66\" src=\"https:\/\/www.mobilekinderwerkstatt.de\/wpx\/wp-content\/uploads\/2017\/12\/mso44310-150x150.jpg\" alt=\"\" width=\"110\" height=\"110\" srcset=\"https:\/\/www.mobilekinderwerkstatt.de\/wpx\/wp-content\/uploads\/2017\/12\/mso44310-150x150.jpg 150w, https:\/\/www.mobilekinderwerkstatt.de\/wpx\/wp-content\/uploads\/2017\/12\/mso44310-100x100.jpg 100w\" sizes=\"auto, (max-width: 110px) 100vw, 110px\" \/><\/a><\/span><\/strong><\/em><\/span><br \/>\n<span style=\"font-size: 14px;\"><em><strong><span style=\"color: #808080;\">\u00a0Sternenkrieger\u00a0&#8211; Modell 3<\/span><\/strong><\/em><\/span><\/td>\n<td style=\"width: 32.3185%; height: 81px;\"><\/td>\n<td style=\"width: 14.678%; height: 81px;\"><span style=\"color: #339966;\"><strong>8 Jahre<\/strong><\/span><\/td>\n<td style=\"width: 11.3184%; height: 81px;\"><strong>10,&#8211;\u20ac<\/strong><\/td>\n<\/tr>\n<tr style=\"height: 51px;\">\n<td style=\"width: 40.1926%; height: 51px;\" nowrap=\"nowrap\">\n<p><figure style=\"width: 146px\" class=\"wp-caption alignleft\"><a href=\"https:\/\/www.mobilekinderwerkstatt.de\/wpx\/wp-content\/uploads\/2018\/02\/20180111_153151.jpg\"><img loading=\"lazy\" decoding=\"async\" class=\"\" src=\"https:\/\/www.mobilekinderwerkstatt.de\/wpx\/wp-content\/uploads\/2018\/02\/20180111_153151.jpg\" alt=\"\" width=\"146\" height=\"110\" \/><\/a><figcaption class=\"wp-caption-text\"><strong>Rennwagen<\/strong><\/figcaption><\/figure><\/td>\n<td style=\"width: 32.3185%; height: 51px;\"><strong>20<\/strong>cm lang, sehr aufwendige Arbeit<\/td>\n<td style=\"width: 14.678%; height: 51px;\"><span style=\"color: #339966;\"><strong>8 Jahre<\/strong><\/span><\/td>\n<td style=\"width: 11.3184%; height: 51px;\"><strong>12,- \u20ac<\/strong><\/td>\n<\/tr>\n<tr style=\"height: 122px;\">\n<td style=\"width: 40.1926%; height: 122px;\" nowrap=\"nowrap\"><span style=\"color: #808080; font-size: 14px;\"><strong><a href=\"https:\/\/www.mobilekinderwerkstatt.de\/wpx\/wp-content\/uploads\/2017\/12\/grosse-Sternenkrieger-2.jpg\" target=\"_blank\" rel=\"noopener noreferrer\"><img loading=\"lazy\" decoding=\"async\" class=\"alignnone size-thumbnail wp-image-240\" src=\"https:\/\/www.mobilekinderwerkstatt.de\/wpx\/wp-content\/uploads\/2017\/12\/grosse-Sternenkrieger-2-150x150.jpg\" alt=\"\" width=\"150\" height=\"150\" srcset=\"https:\/\/www.mobilekinderwerkstatt.de\/wpx\/wp-content\/uploads\/2017\/12\/grosse-Sternenkrieger-2-150x150.jpg 150w, https:\/\/www.mobilekinderwerkstatt.de\/wpx\/wp-content\/uploads\/2017\/12\/grosse-Sternenkrieger-2-100x100.jpg 100w\" sizes=\"auto, (max-width: 150px) 100vw, 150px\" \/><br \/>\n<\/a>\u00a0\u00a0gro\u00dfe Sternenkrieger<\/strong><\/span><\/td>\n<td style=\"width: 32.3185%; height: 122px;\"><span style=\"color: #ff0000;\">ohne<\/span> Anmalen da ca. <strong>20<\/strong> Teile<\/td>\n<td style=\"width: 14.678%; height: 122px;\"><span style=\"color: #ff0000;\"><strong>10 Jahre<\/strong><\/span><\/td>\n<td style=\"width: 11.3184%; height: 122px;\"><strong>12,- \u20ac<\/strong><\/td>\n<\/tr>\n<tr style=\"height: 103px;\">\n<td style=\"width: 40.1926%; height: 103px;\" nowrap=\"nowrap\"><span style=\"color: #808080;\"><em><strong><span style=\"font-size: 14px;\"><a href=\"https:\/\/www.mobilekinderwerkstatt.de\/wpx\/wp-content\/uploads\/2017\/12\/Fischkutter.jpg\" target=\"_blank\" rel=\"noopener noreferrer\"><img loading=\"lazy\" decoding=\"async\" class=\"alignnone size-thumbnail wp-image-229\" src=\"https:\/\/www.mobilekinderwerkstatt.de\/wpx\/wp-content\/uploads\/2017\/12\/Fischkutter-150x150.jpg\" alt=\"\" width=\"150\" height=\"150\" srcset=\"https:\/\/www.mobilekinderwerkstatt.de\/wpx\/wp-content\/uploads\/2017\/12\/Fischkutter-150x150.jpg 150w, https:\/\/www.mobilekinderwerkstatt.de\/wpx\/wp-content\/uploads\/2017\/12\/Fischkutter-100x100.jpg 100w\" sizes=\"auto, (max-width: 150px) 100vw, 150px\" \/><\/a><br \/>\nGro\u00dfe Schiffe<\/span><\/strong><\/em><\/span><\/td>\n<td style=\"width: 32.3185%; height: 103px;\"><strong>14 x 24<\/strong> cm, verschiedene Modelle sind m\u00f6glich, z.B. als Fischkutter<\/td>\n<td style=\"width: 14.678%; height: 128px;\" rowspan=\"2\" valign=\"middle\"><span style=\"color: #ff0000;\"><strong>10 Jahre<\/strong><\/span><\/td>\n<td style=\"width: 11.3184%; height: 128px;\" rowspan=\"2\"><strong>12,- \u20ac<\/strong><\/td>\n<\/tr>\n<tr style=\"height: 25px;\">\n<td style=\"width: 40.1926%; height: 25px;\" nowrap=\"nowrap\"><a href=\"https:\/\/www.mobilekinderwerkstatt.de\/wpx\/wp-content\/uploads\/2017\/12\/gro\u00dfes-Kanonenboot.jpg\" target=\"_blank\" rel=\"noopener noreferrer\"><img loading=\"lazy\" decoding=\"async\" class=\"alignnone size-thumbnail wp-image-18\" src=\"https:\/\/www.mobilekinderwerkstatt.de\/wpx\/wp-content\/uploads\/2017\/12\/gro\u00dfes-Kanonenboot-150x150.jpg\" alt=\"\" width=\"150\" height=\"150\" srcset=\"https:\/\/www.mobilekinderwerkstatt.de\/wpx\/wp-content\/uploads\/2017\/12\/gro\u00dfes-Kanonenboot-150x150.jpg 150w, https:\/\/www.mobilekinderwerkstatt.de\/wpx\/wp-content\/uploads\/2017\/12\/gro\u00dfes-Kanonenboot-100x100.jpg 100w\" sizes=\"auto, (max-width: 150px) 100vw, 150px\" \/><\/a>\u00a0\u00a0<span style=\"font-size: 14px; color: #808080;\"><strong><em>&#8211; gro\u00dfes Kanonenboot<\/em><\/strong><\/span><\/td>\n<td style=\"width: 32.3185%; height: 25px;\"><\/td>\n<\/tr>\n<tr style=\"height: 181px;\">\n<td style=\"width: 40.1926%; height: 181px;\" nowrap=\"nowrap\"><span style=\"color: #808080;\"><em><strong><span style=\"font-size: 14px;\"><a href=\"https:\/\/www.mobilekinderwerkstatt.de\/wpx\/wp-content\/uploads\/2017\/12\/Traumfaenger-1.jpg\" target=\"_blank\" rel=\"noopener noreferrer\"><img loading=\"lazy\" decoding=\"async\" class=\"alignnone size-thumbnail wp-image-522\" src=\"https:\/\/www.mobilekinderwerkstatt.de\/wpx\/wp-content\/uploads\/2017\/12\/Traumfaenger-1-150x150.jpg\" alt=\"\" width=\"150\" height=\"150\" srcset=\"https:\/\/www.mobilekinderwerkstatt.de\/wpx\/wp-content\/uploads\/2017\/12\/Traumfaenger-1-150x150.jpg 150w, https:\/\/www.mobilekinderwerkstatt.de\/wpx\/wp-content\/uploads\/2017\/12\/Traumfaenger-1-100x100.jpg 100w\" sizes=\"auto, (max-width: 150px) 100vw, 150px\" \/><\/a><br \/>\nTraumf\u00e4nger<\/span><\/strong><\/em><\/span><\/td>\n<td style=\"width: 32.3185%; height: 181px;\">mit den Symbolen der vier Elemente: Wasser (Muschel), Luft (Feder), Erde (Stein), Feuer (Pferdeschweifhaare), Lederarbeit mit Fell, Leder und Nieten<\/td>\n<td style=\"width: 14.678%; height: 181px;\"><span style=\"color: #ff0000;\"><strong>10 Jahre<\/strong><\/span><\/td>\n<td style=\"width: 11.3184%; height: 181px;\"><strong>11,- \u20ac<\/strong><\/td>\n<\/tr>\n<tr style=\"height: 103px;\">\n<td style=\"width: 40.1926%; height: 103px;\" nowrap=\"nowrap\">\n<figure style=\"width: 150px\" class=\"wp-caption alignleft\"><a href=\"https:\/\/www.mobilekinderwerkstatt.de\/wpx\/wp-content\/uploads\/2017\/12\/Lederarbeiten.jpg\" target=\"_blank\" rel=\"noopener noreferrer\"><img loading=\"lazy\" decoding=\"async\" class=\"alignnone size-thumbnail wp-image-281\" src=\"https:\/\/www.mobilekinderwerkstatt.de\/wpx\/wp-content\/uploads\/2017\/12\/Lederarbeiten-150x150.jpg\" alt=\"\" width=\"150\" height=\"150\" srcset=\"https:\/\/www.mobilekinderwerkstatt.de\/wpx\/wp-content\/uploads\/2017\/12\/Lederarbeiten-150x150.jpg 150w, https:\/\/www.mobilekinderwerkstatt.de\/wpx\/wp-content\/uploads\/2017\/12\/Lederarbeiten-100x100.jpg 100w\" sizes=\"auto, (max-width: 150px) 100vw, 150px\" \/><\/a><figcaption class=\"wp-caption-text\"><a href=\"https:\/\/www.mobilekinderwerkstatt.de\/wpx\/wp-content\/uploads\/2018\/05\/20180503_135451-e1526221939752.jpg\"><img loading=\"lazy\" decoding=\"async\" class=\"\" src=\"https:\/\/www.mobilekinderwerkstatt.de\/wpx\/wp-content\/uploads\/2018\/05\/20180503_135451-e1526221939752.jpg\" alt=\"\" width=\"105\" height=\"140\" \/><\/a> <strong>Lederbeutel<\/strong><\/figcaption><\/figure>\n<p><span style=\"color: #808080;\"><em><strong><span style=\"font-size: 14px;\"><br \/>\nLederarbeiten\u00a0<\/span><\/strong><\/em><\/span><\/td>\n<td class=\"ohne\" style=\"width: 32.3185%; height: 103px;\">Lederarmband mit Fell und Nieten\u00a0<strong>plus<\/strong>\u00a0Stifte-Etui, kleine Geldb\u00f6rse, Handytasche etc.<\/p>\n<p>kleine Lederbeutel<\/td>\n<td style=\"width: 14.678%; height: 337px;\" rowspan=\"4\"><span style=\"color: #ff0000;\"><strong>10 Jahre<\/strong><\/span><\/td>\n<td style=\"width: 11.3184%; height: 337px;\" rowspan=\"4\"><strong>11,- \u20ac<\/strong><\/td>\n<\/tr>\n<tr style=\"height: 25px;\">\n<td style=\"width: 40.1926%; height: 25px;\" nowrap=\"nowrap\"><span style=\"color: #ff0000;\"><strong><em><a href=\"https:\/\/www.mobilekinderwerkstatt.de\/wpx\/wp-content\/uploads\/2017\/12\/Lederarbeiten-2.jpg\" target=\"_blank\" rel=\"noopener noreferrer\"><img loading=\"lazy\" decoding=\"async\" class=\"alignnone size-thumbnail wp-image-523\" src=\"https:\/\/www.mobilekinderwerkstatt.de\/wpx\/wp-content\/uploads\/2017\/12\/Lederarbeiten-2-150x150.jpg\" alt=\"\" width=\"150\" height=\"150\" srcset=\"https:\/\/www.mobilekinderwerkstatt.de\/wpx\/wp-content\/uploads\/2017\/12\/Lederarbeiten-2-150x150.jpg 150w, https:\/\/www.mobilekinderwerkstatt.de\/wpx\/wp-content\/uploads\/2017\/12\/Lederarbeiten-2-100x100.jpg 100w\" sizes=\"auto, (max-width: 150px) 100vw, 150px\" \/><\/a><br \/>\n<\/em><\/strong><\/span>\u00a0\u00a0<strong><span style=\"font-size: 14px;\"><em><span style=\"color: #808080;\">Lederarbeiten\u00a0<\/span><\/em><\/span><\/strong><\/td>\n<td class=\"ohne\" style=\"width: 32.3185%; height: 25px;\"><\/td>\n<\/tr>\n<tr style=\"height: 106px;\">\n<td style=\"width: 72.5111%; height: 106px;\" colspan=\"2\">\n<figure style=\"width: 155px\" class=\"wp-caption alignleft\"><a href=\"https:\/\/www.mobilekinderwerkstatt.de\/wpx\/wp-content\/uploads\/2018\/06\/20180601_090543-e1528906493347.jpg\"><img loading=\"lazy\" decoding=\"async\" class=\"\" src=\"https:\/\/www.mobilekinderwerkstatt.de\/wpx\/wp-content\/uploads\/2018\/06\/20180601_090543-e1528906493347.jpg\" alt=\"Messertasche f\u00fcr Kleines Taschenmesser\" width=\"155\" height=\"117\" \/><\/a><figcaption class=\"wp-caption-text\"><strong>Messertasche f\u00fcr kleines Taschenmesser<\/strong><\/figcaption><\/figure>\n<p><em><strong><span style=\"color: #808080; font-size: 14px;\"><a href=\"https:\/\/www.mobilekinderwerkstatt.de\/wpx\/wp-content\/uploads\/2018\/06\/20180516_200524-e1528906171601.jpg\"><img loading=\"lazy\" decoding=\"async\" class=\"alignright\" src=\"https:\/\/www.mobilekinderwerkstatt.de\/wpx\/wp-content\/uploads\/2018\/06\/20180516_200524-e1528906171601.jpg\" alt=\"\" width=\"131\" height=\"175\" \/><\/a><br \/>\n<\/span><\/strong><\/em><\/td>\n<\/tr>\n<tr style=\"height: 103px;\">\n<td style=\"height: 103px; width: 72.5111%;\" colspan=\"2\" nowrap=\"nowrap\"><em><strong><span style=\"color: #808080; font-size: 14px;\">&#8211;\u00a0Armb\u00e4nder<\/span><\/strong><\/em><br \/>\n<em><strong><span style=\"color: #808080; font-size: 14px;\">&#8211;\u00a0Freundschaftsb\u00e4nder<\/span><\/strong><\/em><br \/>\n<em><strong><span style=\"color: #808080; font-size: 14px;\">&#8211;\u00a0Lesezeichen<\/span><\/strong><\/em><br \/>\n<em><strong><span style=\"color: #808080; font-size: 14px;\">&#8211;\u00a0Gl\u00fccksbringer f\u00fcr die Schultasche<\/span><\/strong><strong><span style=\"color: #808080; font-size: 14px;\">\/kleine Lederbeutel<\/span><\/strong><\/em><\/td>\n<\/tr>\n<\/tbody>\n<\/table>\n","protected":false},"excerpt":{"rendered":"<p>Holz- Baus\u00e4tze f\u00fcr Kinder von 5-12 Jahren Bausatz Beschreibung empfohlen ab Preis pro St\u00fcck f\u00fcr 5 Stifte, 16x8x4cm 5 Jahre 8,- \u20ac 17cm lang 5 Jahre 8,- \u20ac 20cm lang 5 Jahre 8,- \u20ac Schiffe, 20 cm lang als: \u00a0 \u00a0 \u00a0 alle Modelle k\u00f6nnen bei einer Veranstaltung gewerkt werden\u00a0 5 Jahre 8,- \u20ac \u00a0 &hellip; <\/p>\n<p class=\"link-more\"><a href=\"https:\/\/www.mobilekinderwerkstatt.de\/wpx\/preisliste-fuer-bausaetze\/\" class=\"more-link\"><span class=\"screen-reader-text\">\u201ePreisliste f\u00fcr Baus\u00e4tze\u201c<\/span> weiterlesen<\/a><\/p>\n","protected":false},"author":1,"featured_media":0,"parent":0,"menu_order":0,"comment_status":"closed","ping_status":"closed","template":"","meta":{"footnotes":""},"class_list":["post-168","page","type-page","status-publish","hentry"],"_links":{"self":[{"href":"https:\/\/www.mobilekinderwerkstatt.de\/wpx\/wp-json\/wp\/v2\/pages\/168","targetHints":{"allow":["GET"]}}],"collection":[{"href":"https:\/\/www.mobilekinderwerkstatt.de\/wpx\/wp-json\/wp\/v2\/pages"}],"about":[{"href":"https:\/\/www.mobilekinderwerkstatt.de\/wpx\/wp-json\/wp\/v2\/types\/page"}],"author":[{"embeddable":true,"href":"https:\/\/www.mobilekinderwerkstatt.de\/wpx\/wp-json\/wp\/v2\/users\/1"}],"replies":[{"embeddable":true,"href":"https:\/\/www.mobilekinderwerkstatt.de\/wpx\/wp-json\/wp\/v2\/comments?post=168"}],"version-history":[{"count":200,"href":"https:\/\/www.mobilekinderwerkstatt.de\/wpx\/wp-json\/wp\/v2\/pages\/168\/revisions"}],"predecessor-version":[{"id":1314,"href":"https:\/\/www.mobilekinderwerkstatt.de\/wpx\/wp-json\/wp\/v2\/pages\/168\/revisions\/1314"}],"wp:attachment":[{"href":"https:\/\/www.mobilekinderwerkstatt.de\/wpx\/wp-json\/wp\/v2\/media?parent=168"}],"curies":[{"name":"wp","href":"https:\/\/api.w.org\/{rel}","templated":true}]}}